{"id":10403,"date":"2022-10-23T10:22:52","date_gmt":"2022-10-23T10:22:52","guid":{"rendered":"https:\/\/kitchtenstore.com\/?post_type=product&#038;p=10403"},"modified":"2022-10-23T10:23:10","modified_gmt":"2022-10-23T10:23:10","slug":"siemens-wm12b211ff-lave-linge-frontal-6-kg-1200-tours-a","status":"publish","type":"product","link":"https:\/\/kitchtenstore.com\/fr\/produit\/siemens-wm12b211ff-lave-linge-frontal-6-kg-1200-tours-a\/","title":{"rendered":"SIEMENS WM12B211FF \u2013 Lave linge frontal \u2013 6 kg \u2013 1200 tours \u2013 A+++"},"content":{"rendered":"<table class=\"fpDescTb fpDescTbPub\">\n<tbody>\n<tr>\n<th colspan=\"2\">Informations g\u00e9n\u00e9rales sur le produit<\/th>\n<\/tr>\n<tr>\n<td>Marque<\/td>\n<td><a title=\"SIEMENS\" href=\"https:\/\/www.cdiscount.com\/m-3463-siemens.html\" data-link=\"SFP-ZBN-TNO-DPM\">SIEMENS<\/a><\/td>\n<\/tr>\n<tr>\n<td>Nom du produit<\/td>\n<td>SIEMENS WM12B211FF \u2013 Lave linge frontal \u2013 6 kg \u2013 1<\/td>\n<\/tr>\n<tr>\n<td>Cat\u00e9gorie<\/td>\n<td>LAVE-LINGE<\/td>\n<\/tr>\n<tr>\n<th colspan=\"2\">Informations sur le produit<\/th>\n<\/tr>\n<tr>\n<td>Economie d\u2019\u00e9nergie<\/td>\n<td>Produit recommand\u00e9 par Cdiscount et Green Yellow<\/td>\n<\/tr>\n<tr>\n<th colspan=\"2\">G\u00e9n\u00e9ral<\/th>\n<\/tr>\n<tr>\n<td>Type de produit<\/td>\n<td>Machine \u00e0 laver \u2013 chargement frontal<\/td>\n<\/tr>\n<tr>\n<td>Couleur<\/td>\n<td>Blanc<\/td>\n<\/tr>\n<tr>\n<td>Consommation d\u2019\u00e9nergie annuelle<\/td>\n<td>153 kWh<\/td>\n<\/tr>\n<tr>\n<td>Consommation d\u2019eau annuelle<\/td>\n<td>10560 litres<\/td>\n<\/tr>\n<tr>\n<td>Classe d\u2019efficacit\u00e9 d\u2019essorage<\/td>\n<td>Classe C<\/td>\n<\/tr>\n<tr>\n<td>Vitesse d\u2019essorage<\/td>\n<td>Variable \u2013 1200 tours\/min (maximum)<\/td>\n<\/tr>\n<tr>\n<td>Type d\u2019installation<\/td>\n<td>Sous-plan<\/td>\n<\/tr>\n<tr>\n<td>Mat\u00e9riau du tambour<\/td>\n<td>Acier inoxydable<\/td>\n<\/tr>\n<tr>\n<td>Dur\u00e9e moyenne du cycle<\/td>\n<td>270 minutes<\/td>\n<\/tr>\n<tr>\n<td>Taux d\u2019humidit\u00e9 r\u00e9siduelle atteint<\/td>\n<td>62%<\/td>\n<\/tr>\n<tr>\n<td>Niveau sonore maximum<\/td>\n<td>78 dB<\/td>\n<\/tr>\n<tr>\n<td>Niveau sonore (lavage)<\/td>\n<td>57 dB<\/td>\n<\/tr>\n<tr>\n<td>Capacit\u00e9 de lavage du tambour<\/td>\n<td>42 litres<\/td>\n<\/tr>\n<tr>\n<td>Facteur de forme<\/td>\n<td>Ind\u00e9pendant (peut \u00eatre int\u00e9gr\u00e9)<\/td>\n<\/tr>\n<tr>\n<td>Niveau sonore (essorage)<\/td>\n<td>78 dB<\/td>\n<\/tr>\n<tr>\n<td>Couleur Ext\u00e9rieure<\/td>\n<td>Blanc<\/td>\n<\/tr>\n<tr>\n<td>Capacit\u00e9 de charge<\/td>\n<td>6 kg<\/td>\n<\/tr>\n<tr>\n<th colspan=\"2\">Machine \u00e0 laver<\/th>\n<\/tr>\n<tr>\n<td>Classe de lavage<\/td>\n<td>Classe A<\/td>\n<\/tr>\n<tr>\n<td>Options et programmes sp\u00e9ciaux<\/td>\n<td>Lavage rapide, pr\u00e9lavage, lavage \u00e0 froid, coton, produits synth\u00e9tiques, d\u00e9licats\/soie, chemises, textiles sport, lavage \u00e0 la main\/laine, hygi\u00e8ne, vidange, rin\u00e7age sans lavage, essorage uniquement, rin\u00e7age+, coton avec pr\u00e9lavage, synth\u00e9tique avec pr\u00e9lavage, option pause, mixte, Express 30\u2032, Express 15\u2032<\/td>\n<\/tr>\n<tr>\n<td>Caract\u00e9ristiques particuli\u00e8res<\/td>\n<td>Option EcoPerfect, option VarioPerfect, option SpeedPerfect, waterPerfect, contr\u00f4le automatique de la consommation, temp\u00e9rature variable, fonction Mise en attente, d\u00e9tection de mousse, contr\u00f4le de l\u2019\u00e9quilibre, s\u00e9lection de vitesse de rotation<\/td>\n<\/tr>\n<tr>\n<th colspan=\"2\">R\u00e9glages, commandes et voyants<\/th>\n<\/tr>\n<tr>\n<td>T\u00e9moins<\/td>\n<td>T\u00e9moin de temps restant, indicateur de surdose, indicateur de progression du lavage<\/td>\n<\/tr>\n<tr>\n<td>Fonctions du minuteur<\/td>\n<td>D\u00e9part diff\u00e9r\u00e9, t\u00e9moins lumineux DEL, signal sonore de fin du programme, fonctionnement \u00e0 un seul bouton<\/td>\n<\/tr>\n<tr>\n<th colspan=\"2\">Consommation<\/th>\n<\/tr>\n<tr>\n<td>Puissance \u00e9lectrique<\/td>\n<td>2300 Watt<\/td>\n<\/tr>\n<tr>\n<td>Alimentation<\/td>\n<td>220 \u2013 240 V \/ 50 Hz<\/td>\n<\/tr>\n<tr>\n<td>Longueur du cordon<\/td>\n<td>1.6 m<\/td>\n<\/tr>\n<tr>\n<th colspan=\"2\">Divers<\/th>\n<\/tr>\n<tr>\n<td>Fonctions de s\u00e9curit\u00e9<\/td>\n<td>S\u00e9curit\u00e9 enfants, syst\u00e8me de protection antid\u00e9bordement<\/td>\n<\/tr>\n<tr>\n<td>Fonctions personnalisables<\/td>\n<td>Charni\u00e8re de porte gauche<\/td>\n<\/tr>\n<tr>\n<td>Roulettes \/ pieds<\/td>\n<td>Pieds r\u00e9glables<\/td>\n<\/tr>\n<tr>\n<td>Caract\u00e9ristiques externes<\/td>\n<td>Panneau de commande blanc<\/td>\n<\/tr>\n<tr>\n<td>Normes de conformit\u00e9<\/td>\n<td>VDE, Directive 2010\/30\/EC<\/td>\n<\/tr>\n<tr>\n<th colspan=\"2\">Dimensions et poids<\/th>\n<\/tr>\n<tr>\n<td>Largeur<\/td>\n<td>60 cm<\/td>\n<\/tr>\n<tr>\n<td>Profondeur<\/td>\n<td>56 cm<\/td>\n<\/tr>\n<tr>\n<td>Hauteur<\/td>\n<td>85 cm<\/td>\n<\/tr>\n<tr>\n<td>Poids<\/td>\n<td>66 kg<\/td>\n<\/tr>\n<tr>\n<th colspan=\"2\">Dimensions et poids (emball\u00e9)<\/th>\n<\/tr>\n<tr>\n<td>Largeur (emball\u00e9e)<\/td>\n<td>64 cm<\/td>\n<\/tr>\n<tr>\n<td>Profondeur (emball\u00e9e)<\/td>\n<td>64 cm<\/td>\n<\/tr>\n<tr>\n<td>Hauteur (Exp\u00e9dition)<\/td>\n<td>86.5 cm<\/td>\n<\/tr>\n<tr>\n<td>Poids (Exp\u00e9dition)<\/td>\n<td>67 kg<\/td>\n<\/tr>\n<tr>\n<th colspan=\"2\">Affichage<\/th>\n<\/tr>\n<tr>\n<td>Type<\/td>\n<td>Num\u00e9rique<\/td>\n<\/tr>\n<tr>\n<th colspan=\"2\">Dimensions (Niche)<\/th>\n<\/tr>\n<tr>\n<td>Hauteur minimum<\/td>\n<td>85 cm<\/td>\n<\/tr>\n<\/tbody>\n<\/table>","protected":false},"excerpt":{"rendered":"<div class=\"woocommerce-product-details__short-description\">\n<p>Lave linge frontal \u2013 6 kg \u2013 1200 tr\/min \u2013 Classe \u00e9nerg\u00e9tique A+++ \u2013 Niveau sonore en lavage : 57 dB, en essorage : 78 dB \u2013 Programmes sp\u00e9ciaux \u2013 Consommation annuelle d\u2019\u00e9nergie : 153 kWh, d\u2019eau : 10560 L \u2013<\/p>\n<\/div>\n<form class=\"cart\" action=\"https:\/\/www.gros-menager.com\/boutique\/siemens-wm12b211ff-lave-linge-frontal-6-kg-1200-tours-a\/\" enctype=\"multipart\/form-data\" method=\"post\">\n<div class=\"product-button-wrapper\">\n<div class=\"quantity razzi-quantity-dropdown\"><\/div>\n<\/div>\n<\/form>","protected":false},"featured_media":10443,"comment_status":"open","ping_status":"closed","template":"","meta":{"inline_featured_image":false,"_joinchat":[]},"product_cat":[120,121],"product_tag":[],"class_list":{"0":"post-10403","1":"product","2":"type-product","3":"status-publish","4":"has-post-thumbnail","6":"product_cat-gros-electromenagers","7":"product_cat-lave-linge","9":"first","10":"instock","11":"shipping-taxable","12":"purchasable","13":"product-type-simple"},"_links":{"self":[{"href":"https:\/\/kitchtenstore.com\/fr\/wp-json\/wp\/v2\/product\/10403","targetHints":{"allow":["GET"]}}],"collection":[{"href":"https:\/\/kitchtenstore.com\/fr\/wp-json\/wp\/v2\/product"}],"about":[{"href":"https:\/\/kitchtenstore.com\/fr\/wp-json\/wp\/v2\/types\/product"}],"replies":[{"embeddable":true,"href":"https:\/\/kitchtenstore.com\/fr\/wp-json\/wp\/v2\/comments?post=10403"}],"version-history":[{"count":1,"href":"https:\/\/kitchtenstore.com\/fr\/wp-json\/wp\/v2\/product\/10403\/revisions"}],"predecessor-version":[{"id":10446,"href":"https:\/\/kitchtenstore.com\/fr\/wp-json\/wp\/v2\/product\/10403\/revisions\/10446"}],"wp:featuredmedia":[{"embeddable":true,"href":"https:\/\/kitchtenstore.com\/fr\/wp-json\/wp\/v2\/media\/10443"}],"wp:attachment":[{"href":"https:\/\/kitchtenstore.com\/fr\/wp-json\/wp\/v2\/media?parent=10403"}],"wp:term":[{"taxonomy":"product_cat","embeddable":true,"href":"https:\/\/kitchtenstore.com\/fr\/wp-json\/wp\/v2\/product_cat?post=10403"},{"taxonomy":"product_tag","embeddable":true,"href":"https:\/\/kitchtenstore.com\/fr\/wp-json\/wp\/v2\/product_tag?post=10403"}],"curies":[{"name":"wp","href":"https:\/\/api.w.org\/{rel}","templated":true}]}}